{"id":378,"date":"2024-02-29T14:32:13","date_gmt":"2024-02-29T13:32:13","guid":{"rendered":"https:\/\/cirppa.fr\/?page_id=378"},"modified":"2024-03-14T14:01:34","modified_gmt":"2024-03-14T13:01:34","slug":"groupe-de-lyon","status":"publish","type":"page","link":"https:\/\/cirppa.org\/index.php\/groupe-de-lyon\/","title":{"rendered":"Groupe de Lyon"},"content":{"rendered":"<p>[et_pb_section fb_built=\u00a0\u00bb1&Prime; _builder_version=\u00a0\u00bb4.23&Prime; _module_preset=\u00a0\u00bbdefault\u00a0\u00bb global_colors_info=\u00a0\u00bb{}\u00a0\u00bb][et_pb_row column_structure=\u00a0\u00bb1_4,1_2,1_4&Prime; _builder_version=\u00a0\u00bb4.24.0&Prime; _module_preset=\u00a0\u00bbdefault\u00a0\u00bb global_colors_info=\u00a0\u00bb{}\u00a0\u00bb][et_pb_column type=\u00a0\u00bb1_4&Prime; _builder_version=\u00a0\u00bb4.23&Prime; _module_preset=\u00a0\u00bbdefault\u00a0\u00bb global_colors_info=\u00a0\u00bb{}\u00a0\u00bb][et_pb_divider show_divider=\u00a0\u00bboff\u00a0\u00bb _builder_version=\u00a0\u00bb4.23&Prime; _module_preset=\u00a0\u00bbdefault\u00a0\u00bb global_colors_info=\u00a0\u00bb{}\u00a0\u00bb][\/et_pb_divider][et_pb_text _builder_version=\u00a0\u00bb4.24.0&Prime; _module_preset=\u00a0\u00bbdefault\u00a0\u00bb global_colors_info=\u00a0\u00bb{}\u00a0\u00bb]<\/p>\n<div class=\"moduletable\">\n<h3><span class=\"backh\"><span class=\"backh2\"><span class=\"backh3\">Groupe de travail<\/span><\/span><\/span><\/h3>\n<ul class=\"menu\">\n<li class=\"item-565\">Groupe de Lyon<\/li>\n<li><a href=\"https:\/\/cirppa.org\/index.php\/seminaire-paris\/\">S\u00e9minaire Paris<\/a><\/li>\n<\/ul>\n<\/div>\n<div class=\"moduletable\">\u00a0<\/div>\n<p>[\/et_pb_text][\/et_pb_column][et_pb_column type=\u00a0\u00bb1_2&Prime; _builder_version=\u00a0\u00bb4.23&Prime; _module_preset=\u00a0\u00bbdefault\u00a0\u00bb global_colors_info=\u00a0\u00bb{}\u00a0\u00bb][et_pb_text _builder_version=\u00a0\u00bb4.24.0&Prime; _module_preset=\u00a0\u00bbdefault\u00a0\u00bb text_orientation=\u00a0\u00bbjustified\u00a0\u00bb custom_padding=\u00a0\u00bb|||36px||\u00a0\u00bb global_colors_info=\u00a0\u00bb{}\u00a0\u00bb]<\/p>\n<h2>Groupe de Lyon<\/h2>\n<p>Groupe Cirppa LYON<\/p>\n<p>RESPONSABLE : Didier ROFFAT<\/p>\n<p>Le groupe s&rsquo;est constitu\u00e9 en 2000. Ses membres ont suivi le cursus Psychoth\u00e9rapies de groupe et Psychodrames d&rsquo;enfants dans le cadre de l&rsquo;institut de formation du CIRPPA.<\/p>\n<p>Le groupe se r\u00e9unit huit fois par an, sur la dur\u00e9e de la journ\u00e9e. le calendrier des rencontres est fix\u00e9 annuellement<\/p>\n<p>ACTIVITES:<br \/>\nSur la base de pr\u00e9sentations cliniques ,sont conduites une intervision et une recherche. Ce travail s&rsquo;articule avec une r\u00e9flexion et une analyse de l&rsquo;\u00e9volution de notre groupe de travail.<br \/>\nTous les deux ans est organis\u00e9e une journ\u00e9e scientifique \u00e0 Lyon en alternance avec le congr\u00e8s du CIRPPA .Le th\u00e8me de la journ\u00e9e de la journ\u00e9e es issu des recherches men\u00e9es au fil des s\u00e9ances de travail du groupe.<\/p>\n<p>PROJET:<br \/>\nS\u00e9minaire ouvert sur la pratique th\u00e9rapeutique groupale.<\/p>\n<p>MODALITES D&rsquo;ENTREE:<br \/>\nLes personnes d\u00e9sirant int\u00e9grer le groupe doivent \u00eatre psychiatre ou psychologue ,suffisamment avanc\u00e9 dans un cursus de formation sur les psychoth\u00e9rapies de groupe ou l&rsquo;ayant termin\u00e9.<\/p>\n<p>MEMBRES ACTUELS DU GROUPE:<br \/>\nDidier Roffat, Christine Margolliet, Marie-Louise Girel-Brandy, Claudine Juptner, Damien Aupetit, Farid Dafri, Antoine Navalon et Christine Champonnois.[\/et_pb_text][\/et_pb_column][et_pb_column type=\u00a0\u00bb1_4&Prime; _builder_version=\u00a0\u00bb4.23&Prime; _module_preset=\u00a0\u00bbdefault\u00a0\u00bb global_colors_info=\u00a0\u00bb{}\u00a0\u00bb][\/et_pb_column][\/et_pb_row][\/et_pb_section]<\/p>\n","protected":false},"excerpt":{"rendered":"<p>Groupe de travail Groupe de Lyon S\u00e9minaire Paris \u00a0Groupe de Lyon Groupe Cirppa LYON RESPONSABLE : Didier ROFFAT Le groupe s&rsquo;est constitu\u00e9 en 2000. Ses membres ont suivi le cursus Psychoth\u00e9rapies de groupe et Psychodrames d&rsquo;enfants dans le cadre de l&rsquo;institut de formation du CIRPPA. Le groupe se r\u00e9unit huit fois par an, sur la [&hellip;]<\/p>\n","protected":false},"author":2,"featured_media":0,"parent":0,"menu_order":0,"comment_status":"closed","ping_status":"closed","template":"","meta":{"_et_pb_use_builder":"on","_et_pb_old_content":"","_et_gb_content_width":"","footnotes":""},"class_list":["post-378","page","type-page","status-publish","hentry"],"_links":{"self":[{"href":"https:\/\/cirppa.org\/index.php\/wp-json\/wp\/v2\/pages\/378","targetHints":{"allow":["GET"]}}],"collection":[{"href":"https:\/\/cirppa.org\/index.php\/wp-json\/wp\/v2\/pages"}],"about":[{"href":"https:\/\/cirppa.org\/index.php\/wp-json\/wp\/v2\/types\/page"}],"author":[{"embeddable":true,"href":"https:\/\/cirppa.org\/index.php\/wp-json\/wp\/v2\/users\/2"}],"replies":[{"embeddable":true,"href":"https:\/\/cirppa.org\/index.php\/wp-json\/wp\/v2\/comments?post=378"}],"version-history":[{"count":21,"href":"https:\/\/cirppa.org\/index.php\/wp-json\/wp\/v2\/pages\/378\/revisions"}],"predecessor-version":[{"id":915,"href":"https:\/\/cirppa.org\/index.php\/wp-json\/wp\/v2\/pages\/378\/revisions\/915"}],"wp:attachment":[{"href":"https:\/\/cirppa.org\/index.php\/wp-json\/wp\/v2\/media?parent=378"}],"curies":[{"name":"wp","href":"https:\/\/api.w.org\/{rel}","templated":true}]}}