{"id":579,"date":"2023-11-29T16:22:32","date_gmt":"2023-11-29T15:22:32","guid":{"rendered":"https:\/\/cirppa.fr\/?page_id=579"},"modified":"2024-01-02T16:02:15","modified_gmt":"2024-01-02T15:02:15","slug":"cv-antoine-ducret","status":"publish","type":"page","link":"https:\/\/cirppa.org\/index.php\/cv-antoine-ducret\/","title":{"rendered":"CV Antoine Ducret"},"content":{"rendered":"<p>[et_pb_section fb_built=\u00a0\u00bb1&Prime; _builder_version=\u00a0\u00bb4.23&Prime; _module_preset=\u00a0\u00bbdefault\u00a0\u00bb global_colors_info=\u00a0\u00bb{}\u00a0\u00bb][et_pb_row column_structure=\u00a0\u00bb1_4,3_4&Prime; _builder_version=\u00a0\u00bb4.23&Prime; _module_preset=\u00a0\u00bbdefault\u00a0\u00bb global_colors_info=\u00a0\u00bb{}\u00a0\u00bb][et_pb_column type=\u00a0\u00bb1_4&Prime; _builder_version=\u00a0\u00bb4.23&Prime; _module_preset=\u00a0\u00bbdefault\u00a0\u00bb global_colors_info=\u00a0\u00bb{}\u00a0\u00bb][et_pb_divider show_divider=\u00a0\u00bboff\u00a0\u00bb _builder_version=\u00a0\u00bb4.23&Prime; _module_preset=\u00a0\u00bbdefault\u00a0\u00bb global_colors_info=\u00a0\u00bb{}\u00a0\u00bb][\/et_pb_divider][et_pb_text _builder_version=\u00a0\u00bb4.23&Prime; _module_preset=\u00a0\u00bbdefault\u00a0\u00bb global_colors_info=\u00a0\u00bb{}\u00a0\u00bb]<\/p>\n<p><b>Retrouvez la <a href=\"https:\/\/cirppa.org\/index.php\/equipe\/\">liste des autres formateurs ici<\/a>.<\/b><\/p>\n<p>[\/et_pb_text][\/et_pb_column][et_pb_column type=\u00a0\u00bb3_4&Prime; _builder_version=\u00a0\u00bb4.23&Prime; _module_preset=\u00a0\u00bbdefault\u00a0\u00bb global_colors_info=\u00a0\u00bb{}\u00a0\u00bb][et_pb_text _builder_version=\u00a0\u00bb4.23&Prime; _module_preset=\u00a0\u00bbdefault\u00a0\u00bb text_orientation=\u00a0\u00bbjustified\u00a0\u00bb global_colors_info=\u00a0\u00bb{}\u00a0\u00bb]<\/p>\n<div id=\"all\">\n<div id=\"back\">\n<div id=\"contentarea\">\n<div id=\"wrapper2\" class=\"shownocolumns\">\n<div id=\"main\" role=\"main\">\n<div class=\"item-page\">\n<h2><strong>Antoine Ducret<\/strong><\/h2>\n<p><strong>Docteur Antoine DUCRET<br \/><\/strong><strong>Psychanalyse<\/strong><\/p>\n<p><strong>Formation<\/strong><\/p>\n<p>&#8211; 1998 \u00e0 2011\u00a0\u00a0\u00a0\u00a0\u00a0\u00a0\u00a0\u00a0\u00a0\u00a0\u00a0\u00a0\u00a0\u00a0\u00a0\u00a0\u00a0\u00a0Formation au psychodrame psychanalytique individuel. (Mme le Dr Chambrier &#8211; H\u00f4pital de jour de l&rsquo;ASM du 13<sup>\u00e8me<\/sup> arr. de Paris)<br \/>&#8211; 1997\u00a0\u00a0\u00a0\u00a0\u00a0\u00a0\u00a0\u00a0\u00a0\u00a0\u00a0\u00a0\u00a0\u00a0\u00a0\u00a0\u00a0\u00a0\u00a0\u00a0\u00a0\u00a0\u00a0\u00a0\u00a0\u00a0\u00a0\u00a0\u00a0\u00a0Cursus valid\u00e9<br \/>&#8211; 1991-1997\u00a0\u00a0\u00a0\u00a0\u00a0\u00a0\u00a0\u00a0\u00a0\u00a0\u00a0\u00a0\u00a0\u00a0\u00a0\u00a0\u00a0\u00a0\u00a0\u00a0Cursus de formation \u00e0 l&rsquo;Institut de Psychanalyse de Paris<br \/>&#8211; 1985-1988\u00a0\u00a0\u00a0\u00a0\u00a0\u00a0\u00a0\u00a0\u00a0\u00a0\u00a0\u00a0\u00a0\u00a0\u00a0\u00a0\u00a0\u00a0\u00a0\u00a0Formation aux concepts de la psychosomatique (Dr Marty \u2013 IPSO)<\/p>\n<p><strong>\u00a0\u00a0\u00a0\u00a0\u00a0Pratique clinique<\/strong><\/p>\n<p>&#8211; 2015 -2019\u00a0\u00a0\u00a0\u00a0\u00a0\u00a0\u00a0\u00a0\u00a0\u00a0\u00a0\u00a0\u00a0\u00a0\u00a0\u00a0\u00a0\u00a0\u00a0Psychoth\u00e9rapie de groupe d\u2019adultes en coth\u00e9rapie en lib\u00e9ral avec Delphine Lhotellier<br \/>&#8211; Depuis 1997\u00a0\u00a0\u00a0\u00a0\u00a0\u00a0\u00a0\u00a0\u00a0\u00a0\u00a0\u00a0\u00a0\u00a0\u00a0\u00a0\u00a0Exercice de la psychanalyse d&rsquo;adultes en cabinet lib\u00e9ral \u00e0 Antony (92)<br \/>&#8211; 1991 \u2013 1997\u00a0\u00a0\u00a0\u00a0\u00a0\u00a0\u00a0\u00a0\u00a0\u00a0\u00a0\u00a0\u00a0\u00a0\u00a0\u00a0\u00a0\u00a0Cures psychanalytiques supervis\u00e9es (contr\u00f4le collectif\u00a0: Mme le Dr Lombard\u00a0; contr\u00f4le individuel\u00a0: Mme Chasseguet \u2013 Smirgel)<\/p>\n<p><strong>\u00a0\u00a0\u00a0\u00a0 Psychanalyse d&rsquo;enfants<\/strong><\/p>\n<p><strong>\u00a0\u00a0\u00a0\u00a0\u00a0\u00a0Formation<\/strong><\/p>\n<p>&#8211; Depuis septembre 2009\u00a0\u00a0\u00a0Membre formateur du CIRPPA.<br \/>&#8211; Juillet 2009\u00a0\u00a0\u00a0\u00a0\u00a0\u00a0\u00a0\u00a0\u00a0\u00a0\u00a0\u00a0\u00a0\u00a0\u00a0\u00a0\u00a0Validation du m\u00e9moire de fin de cursus au CIRPPA\u00a0; \u00ab\u00a0La contenance dans les groupes psychoth\u00e9rapeutiques d\u2019enfants\u00a0\u00bb.<br \/>&#8211; Mars 2002 &#8211; 2009\u00a0 \u00a0\u00a0\u00a0\u00a0\u00a0\u00a0\u00a0Formation \u00e0 la psychoth\u00e9rapie de groupe d&rsquo;enfants (CIRPPA)<br \/>&#8211; Septembre 2001\u00a0\u00a0\u00a0\u00a0\u00a0\u00a0\u00a0\u00a0\u00a0\u00a0\u00a0Psychoth\u00e9rapie de groupe d&rsquo;enfants men\u00e9e en coth\u00e9rapie supervis\u00e9e par Mme Urwand (CIRPPA)<br \/>&#8211; Novembre 1998<br \/>&#8211; Juin 2020\u00a0\u00a0\u00a0\u00a0\u00a0\u00a0\u00a0\u00a0\u00a0\u00a0\u00a0\u00a0\u00a0\u00a0\u00a0\u00a0\u00a0\u00a0\u00a0\u00a0\u00a0Participation \u00e0 diff\u00e9rents s\u00e9minaires du CMPP de Claude Bernard ; pr\u00e9sentation de cas d\u2019enfants de l&rsquo;EMP de Jouy en Josas<br \/>&#8211; 1996-1998\u00a0\u00a0\u00a0\u00a0\u00a0\u00a0\u00a0\u00a0\u00a0\u00a0\u00a0\u00a0\u00a0\u00a0\u00a0\u00a0\u00a0\u00a0\u00a0\u00a0Formation \u00e0 la psychanalyse d&rsquo;enfants par Mme le Dr Lombard (SPP) &#8211; Service du Pr Golse (H\u00f4pital Saint Vincent de Paul)<br \/>&#8211; 1990-1993\u00a0\u00a0\u00a0\u00a0\u00a0\u00a0\u00a0\u00a0\u00a0\u00a0\u00a0\u00a0\u00a0\u00a0\u00a0\u00a0\u00a0\u00a0\u00a0\u00a0Formation \u00e0 l&rsquo;observation des b\u00e9b\u00e9s selon la m\u00e9thode d&rsquo;Esther Bick, initiation aux concepts de W. R. Bion, par Mme Athanassiou (SPP)<br \/>&#8211; 1987\u00a0\u00a0\u00a0\u00a0\u00a0\u00a0\u00a0\u00a0\u00a0\u00a0\u00a0\u00a0\u00a0\u00a0\u00a0\u00a0\u00a0\u00a0\u00a0\u00a0\u00a0\u00a0 \u00a0\u00a0\u00a0\u00a0\u00a0\u00a0\u00a0Participation \u00e0 la consultation de Mme le Dr F. Dolto avec les\u00a0\u00a0\u00a0\u00a0enfants de la pouponni\u00e8re d&rsquo;Antony<\/p>\n<p><strong>\u00a0\u00a0\u00a0\u00a0\u00a0Pratique clinique<\/strong><\/p>\n<p>&#8211; Janvier 2004 \u00e0 Juin 2020, Psychiatre consultant au CMPP Claude Bernard \u00e0 Paris. Pratique du psychodrame de groupe d\u2019\u00e9tudiants en coth\u00e9rapie et de groupes psychoth\u00e9rapeutiques d\u2019\u00e9tudiants en monoth\u00e9rapie puis en coth\u00e9rapie.<br \/>&#8211; De novembre 1998 \u00e0 d\u00e9cembre 2003, Psychiatre responsable d&rsquo;une unit\u00e9 \u00e0 l&rsquo;EMP de Jouy en Josas (78)\u00a0: prise en charge d&rsquo;un groupe de psychoth\u00e9rapie d&rsquo;enfants de l&rsquo;EMP, en coth\u00e9rapie, de 1999\u00a0\u00e0 2003.<br \/>&#8211; Novembre 1989 Mission en Arm\u00e9nie pour organiser la prise en charge des enfants traumatis\u00e9s par le s\u00e9isme de 1988 (Dr Donab\u00e9dian \u2013 IPSO et M\u00e9decins du Monde)<\/p>\n<p><strong>\u00a0\u00a0 Psychiatrie<\/strong><\/p>\n<p><strong>\u00a0\u00a0\u00a0\u00a0\u00a0Formation initiale<\/strong><\/p>\n<p>&#8211; 1979 M\u00e9moire de fin de CES de Psychiatrie :\u00a0<em>La gu\u00e9rison des malades mentaux au moment de la mort<\/em>\u00a0(Facult\u00e9 de M\u00e9decine de Paris Ouest)<br \/>&#8211; 1978 Th\u00e8se de M\u00e9decine :\u00a0<em>A propos du v\u00e9cu inconscient des neuroleptiques retard<\/em>\u00a0(Facult\u00e9 de M\u00e9decine de Paris Ouest)<br \/>&#8211; 1979 CES de Psychiatrie (Facult\u00e9 de M\u00e9decine Paris Ouest)<br \/>&#8211; 1974-1979 Interne en psychiatrie; Internat des H\u00f4pitaux psychiatriques de la R\u00e9gion Centre\u00a0\u00a0\u00a0\u00a0\u00a0(1975), puis Internat des H\u00f4pitaux psychiatriques d&rsquo;Ile de France (1976) : Services adultes : Dr Van Amerongen (H\u00f4pital de St Germain en Laye), Dr Gentis (CHS de Fleury les Aubrais), Dr Lanter (CHS Perray Vaucluse), Dr Kramarz (CHS de Villejuif), Intersecteur de psychiatrie infanto- juv\u00e9nile du Dr Grasset (CHS de Perray \u2013Vaucluse);<br \/>&#8211; 1968\u20131974 Etudes de M\u00e9decine (Universit\u00e9 de Bordeaux II puis Universit\u00e9 de Paris V, Facult\u00e9 de M\u00e9decine de Paris Ouest)<\/p>\n<p><strong>\u00a0\u00a0\u00a0\u00a0Pratique clinique<\/strong><\/p>\n<p>Exercice en cabinet lib\u00e9ral de psychiatrie adulte \u00e0 Antony (92), cr\u00e9\u00e9 en 1983<\/p>\n<p><strong>\u00a0\u00a0\u00a0\u00a0Publications<\/strong><\/p>\n<p>Collaboration \u00e0 l\u2019article\u00a0<em>Interpr\u00e9tation<\/em>, \u00e9crit par Mme de Urtubey,\u00a0<em>in Interpr\u00e9tation I, un processus mutatif<\/em>, Monographies de la RFP, Paris, PUF,1999<\/p>\n<p>Article\u00a0<em>Imago<\/em>,\u00a0<em>in<\/em>\u00a0Dictionnaire international de psychanalyse, A de Mijolla dir., Paris, Calmann-L\u00e9vy, 2002<\/p>\n<p><em>\u00a0La contenance, histoire d\u2019un concept<\/em>\u00a0 dans \u00ab\u00a0Groupes, contenance et cr\u00e9ativit\u00e9\u00a0\u00bb Sous la direction de Jean Bernard Chapelier et de Didier Roffat., Eres 2011<\/p>\n<p><em>Corps et d\u00e9pression dans les groupes d\u2019\u00e9tudiants\u00a0<\/em>avec Laura Dupouey dans \u00ab\u00a0Corps geste et langage\u00a0\u00bb Sous la direction de Didier Chaulet et de Blandine Guettier\u00a0Eres 2015<\/p>\n<p><em>A propos d\u2019un groupe d\u2019\u00e9tudiants\u00a0<\/em>dans \u00ab\u00a0Groupes et traum<\/p>\n<\/div>\n<\/div>\n<\/div>\n<\/div>\n<\/div>\n<\/div>\n<p>[\/et_pb_text][et_pb_text _builder_version=\u00a0\u00bb4.23&Prime; _module_preset=\u00a0\u00bbdefault\u00a0\u00bb global_colors_info=\u00a0\u00bb{}\u00a0\u00bb]<\/p>\n<p><b>Retrouvez la <a href=\"https:\/\/cirppa.org\/index.php\/equipe\/\">liste des autres formateurs ici<\/a>.<\/b><\/p>\n<p>[\/et_pb_text][\/et_pb_column][\/et_pb_row][\/et_pb_section]<\/p>\n","protected":false},"excerpt":{"rendered":"<p>Retrouvez la liste des autres formateurs ici. Antoine Ducret Docteur Antoine DUCRETPsychanalyse Formation &#8211; 1998 \u00e0 2011\u00a0\u00a0\u00a0\u00a0\u00a0\u00a0\u00a0\u00a0\u00a0\u00a0\u00a0\u00a0\u00a0\u00a0\u00a0\u00a0\u00a0\u00a0Formation au psychodrame psychanalytique individuel. (Mme le Dr Chambrier &#8211; H\u00f4pital de jour de l&rsquo;ASM du 13\u00e8me arr. de Paris)- 1997\u00a0\u00a0\u00a0\u00a0\u00a0\u00a0\u00a0\u00a0\u00a0\u00a0\u00a0\u00a0\u00a0\u00a0\u00a0\u00a0\u00a0\u00a0\u00a0\u00a0\u00a0\u00a0\u00a0\u00a0\u00a0\u00a0\u00a0\u00a0\u00a0\u00a0Cursus valid\u00e9- 1991-1997\u00a0\u00a0\u00a0\u00a0\u00a0\u00a0\u00a0\u00a0\u00a0\u00a0\u00a0\u00a0\u00a0\u00a0\u00a0\u00a0\u00a0\u00a0\u00a0\u00a0Cursus de formation \u00e0 l&rsquo;Institut de Psychanalyse de Paris- 1985-1988\u00a0\u00a0\u00a0\u00a0\u00a0\u00a0\u00a0\u00a0\u00a0\u00a0\u00a0\u00a0\u00a0\u00a0\u00a0\u00a0\u00a0\u00a0\u00a0\u00a0Formation aux concepts de la psychosomatique (Dr Marty [&hellip;]<\/p>\n","protected":false},"author":2,"featured_media":0,"parent":0,"menu_order":0,"comment_status":"closed","ping_status":"closed","template":"","meta":{"_et_pb_use_builder":"on","_et_pb_old_content":"","_et_gb_content_width":"","footnotes":""},"class_list":["post-579","page","type-page","status-publish","hentry"],"_links":{"self":[{"href":"https:\/\/cirppa.org\/index.php\/wp-json\/wp\/v2\/pages\/579","targetHints":{"allow":["GET"]}}],"collection":[{"href":"https:\/\/cirppa.org\/index.php\/wp-json\/wp\/v2\/pages"}],"about":[{"href":"https:\/\/cirppa.org\/index.php\/wp-json\/wp\/v2\/types\/page"}],"author":[{"embeddable":true,"href":"https:\/\/cirppa.org\/index.php\/wp-json\/wp\/v2\/users\/2"}],"replies":[{"embeddable":true,"href":"https:\/\/cirppa.org\/index.php\/wp-json\/wp\/v2\/comments?post=579"}],"version-history":[{"count":3,"href":"https:\/\/cirppa.org\/index.php\/wp-json\/wp\/v2\/pages\/579\/revisions"}],"predecessor-version":[{"id":773,"href":"https:\/\/cirppa.org\/index.php\/wp-json\/wp\/v2\/pages\/579\/revisions\/773"}],"wp:attachment":[{"href":"https:\/\/cirppa.org\/index.php\/wp-json\/wp\/v2\/media?parent=579"}],"curies":[{"name":"wp","href":"https:\/\/api.w.org\/{rel}","templated":true}]}}