{"id":744,"date":"2023-12-01T14:30:22","date_gmt":"2023-12-01T13:30:22","guid":{"rendered":"https:\/\/cirppa.fr\/?page_id=744"},"modified":"2023-12-01T14:30:22","modified_gmt":"2023-12-01T13:30:22","slug":"le-traumatisme-de-la-mise-en-groupe-pour-le-therapeute-reflexions-pour-le-forum-du-congres-dauxerre","status":"publish","type":"page","link":"https:\/\/cirppa.org\/index.php\/le-traumatisme-de-la-mise-en-groupe-pour-le-therapeute-reflexions-pour-le-forum-du-congres-dauxerre\/","title":{"rendered":"Le traumatisme de la mise en groupe pour le th\u00e9rapeute > R\u00e9flexions pour le forum du congr\u00e8s d&rsquo;Auxerre\u00a0"},"content":{"rendered":"<p>[et_pb_section fb_built=\u00a0\u00bb1&Prime; _builder_version=\u00a0\u00bb4.23&Prime; _module_preset=\u00a0\u00bbdefault\u00a0\u00bb custom_padding=\u00a0\u00bb10px||20px|||\u00a0\u00bb global_colors_info=\u00a0\u00bb{}\u00a0\u00bb][et_pb_row _builder_version=\u00a0\u00bb4.23&Prime; _module_preset=\u00a0\u00bbdefault\u00a0\u00bb custom_padding=\u00a0\u00bb||7px|||\u00a0\u00bb global_colors_info=\u00a0\u00bb{}\u00a0\u00bb][et_pb_column type=\u00a0\u00bb4_4&Prime; _builder_version=\u00a0\u00bb4.23&Prime; _module_preset=\u00a0\u00bbdefault\u00a0\u00bb global_colors_info=\u00a0\u00bb{}\u00a0\u00bb][\/et_pb_column][\/et_pb_row][et_pb_row column_structure=\u00a0\u00bb1_4,3_4&Prime; _builder_version=\u00a0\u00bb4.23&Prime; _module_preset=\u00a0\u00bbdefault\u00a0\u00bb custom_padding=\u00a0\u00bb17px|||||\u00a0\u00bb global_colors_info=\u00a0\u00bb{}\u00a0\u00bb][et_pb_column type=\u00a0\u00bb1_4&Prime; _builder_version=\u00a0\u00bb4.23&Prime; _module_preset=\u00a0\u00bbdefault\u00a0\u00bb global_colors_info=\u00a0\u00bb{}\u00a0\u00bb][et_pb_text _builder_version=\u00a0\u00bb4.23&Prime; _module_preset=\u00a0\u00bbdefault\u00a0\u00bb global_colors_info=\u00a0\u00bb{}\u00a0\u00bb]<\/p>\n<ul>\n<li><a href=\"https:\/\/cirppa.org\/index.php\/page-des-membres-du-cirppa\/\">Nouvelles de l&rsquo;association<\/a><\/li>\n<li><a href=\"https:\/\/cirppa.org\/index.php\/cahiers-du-cirppa\/\">Cahiers du CIRPPA<\/a><\/li>\n<li><a href=\"https:\/\/cirppa.org\/index.php\/textes-membres\/\">Espace membres \u2022 textes<\/a><\/li>\n<\/ul>\n<p>[\/et_pb_text][\/et_pb_column][et_pb_column type=\u00a0\u00bb3_4&Prime; _builder_version=\u00a0\u00bb4.23&Prime; _module_preset=\u00a0\u00bbdefault\u00a0\u00bb global_colors_info=\u00a0\u00bb{}\u00a0\u00bb][et_pb_post_title meta=\u00a0\u00bboff\u00a0\u00bb featured_image=\u00a0\u00bboff\u00a0\u00bb _builder_version=\u00a0\u00bb4.23&Prime; _module_preset=\u00a0\u00bbdefault\u00a0\u00bb global_colors_info=\u00a0\u00bb{}\u00a0\u00bb][\/et_pb_post_title][et_pb_text _builder_version=\u00a0\u00bb4.23&Prime; _module_preset=\u00a0\u00bbdefault\u00a0\u00bb hover_enabled=\u00a0\u00bb0&Prime; global_colors_info=\u00a0\u00bb{}\u00a0\u00bb sticky_enabled=\u00a0\u00bb0&Prime;]<\/p>\n<p><strong>Eric EMERY <br \/><\/strong><span style=\"font-size: 14px;\">14\/05\/2009<\/span><\/p>\n<p>[\/et_pb_text][\/et_pb_column][\/et_pb_row][et_pb_row column_structure=\u00a0\u00bb1_5,3_5,1_5&Prime; _builder_version=\u00a0\u00bb4.23&Prime; _module_preset=\u00a0\u00bbdefault\u00a0\u00bb global_colors_info=\u00a0\u00bb{}\u00a0\u00bb][et_pb_column type=\u00a0\u00bb1_5&Prime; _builder_version=\u00a0\u00bb4.23&Prime; _module_preset=\u00a0\u00bbdefault\u00a0\u00bb global_colors_info=\u00a0\u00bb{}\u00a0\u00bb][\/et_pb_column][et_pb_column type=\u00a0\u00bb3_5&Prime; _builder_version=\u00a0\u00bb4.23&Prime; _module_preset=\u00a0\u00bbdefault\u00a0\u00bb global_colors_info=\u00a0\u00bb{}\u00a0\u00bb][et_pb_text _builder_version=\u00a0\u00bb4.23&Prime; _module_preset=\u00a0\u00bbdefault\u00a0\u00bb global_colors_info=\u00a0\u00bb{}\u00a0\u00bb]<\/p>\n<p><strong>Institution contenance cr\u00e9ativit\u00e9<\/strong><\/p>\n<p>Je travaille dans le CMP et un h\u00f4pital de jour d\u2019un inter secteur de p\u00e9dopsychiatrie publique. Je parle donc de <strong>groupes<\/strong>\u00a0th\u00e9rapeutiques dans une des unit\u00e9s de soin d\u2019un ensemble. Il est donc contenu dans et par l\u2019organisation concentrique des diff\u00e9rents niveaux de la structure hospitali\u00e8re. Les diff\u00e9rentes enveloppes se superposant apparemment aux diff\u00e9rentes hi\u00e9rarchies encadrantes.<br \/>Ce qui concoure en premier lieu \u00e0 la contenance ext\u00e9rieure du groupe ce seront la possibilit\u00e9, la capacit\u00e9, la protection, les contraintes propres \u00e0 l\u2019organisation du service hospitalier.<br \/>Mais aussi participant de l\u2019int\u00e9rieur \u00e0 la contenance, comme identit\u00e9 introject\u00e9e, la vis\u00e9e id\u00e9ale, la mission de service publique et son interpr\u00e9tation dans la cit\u00e9e : la politique de soin de ce service dans ce cadre politique.<\/p>\n<p>Cette enveloppe institutionnelle n\u2019est pas qu\u2019une disposition de couches gigognes. Elle est aussi transversalit\u00e9 possibles. Ce possible \u00e9tant r\u00e9f\u00e9rence \u00e0 un autre agencement de l\u2019espace de pens\u00e9e au sein de l\u2019institutionnel. Rencontre\u00a0<strong>autour<\/strong>\u00a0de la psychanalyse et du travail groupal, fait d\u2019\u00e9changes cliniques et de lectures communes.<br \/>Cette transversalit\u00e9 se tient dans des rencontres\u00a0<strong>autour<\/strong>\u00a0de th\u00e8mes communs et dans des espaces diff\u00e9rents de ceux qui servent d\u2019axe \u00e0 la hi\u00e9rarchie institutionnelle ( synth\u00e8se, pole, unit\u00e9 fonctionnelle)<br \/>Un groupe sur les groupe transversal et parall\u00e8le, figurant comme un miroir des\u00a0<strong>groupes<\/strong>\u00a0th\u00e9rapeutiques eux m\u00eame accompagn\u00e9s d\u2019un groupe parent, de r\u00e9union de synth\u00e8se, de post-groupe.<br \/>Il s\u2019y exp\u00e9rimente un autre type de relation, une complicit\u00e9, un transfert, qui d\u00e9signe dans l\u2019institution un collectif. L\u00e0 encore une vis\u00e9e, un id\u00e9al assure l\u2019\u00e9paisseur de ces rencontres en leur servant de point de fuite. Il s\u2019y engage \u00e0 plusieurs une politique : un Id\u00e9al du Moi groupal.<br \/>Dans un service hospitalier il existe d\u2019autres transversalit\u00e9s collectives les associations les syndicats \u2026<\/p>\n<p>Au total ces superpositions et ces croisements, ces diff\u00e9rentes lignes d\u2019horizon tissent une \u00e9toffe qui sert la contenance des\u00a0<strong>groupes<\/strong>\u00a0th\u00e9rapeutiques qu\u2019elle inclus, les th\u00e9rapeutes dans le groupe \u00e9tant eux m\u00eame porteurs inconscients de ces variables.<\/p>\n<p><strong>Deuxi\u00e8mement<\/strong><br \/>\u00c0 l\u2019int\u00e9rieur du groupe le mat\u00e9riel utilis\u00e9- je veux dire \u00e0 la fois les espaces investis, les objets , mais aussi les mod\u00e8les et les th\u00e9ories- ne correspond jamais \u00e0 la repr\u00e9sentation id\u00e9alis\u00e9e que le th\u00e9rapeute s\u2019en est faite Le Moi-Id\u00e9al groupal. La mise en place du groupe th\u00e9rapeutique est un temps conflictuel entre la reproduction de cet id\u00e9al groupal, ici le model du CIRPPA, (nous pourrions penser aux luttes syndical pour la politique de soin) et les limites protectrices et frustrantes de la r\u00e8gle hospitali\u00e8re. Obtenir la bonne salle de groupe agr\u00e9able et s\u00e9cure, le joli mat\u00e9riel ad\u00e9quate, les horaires confortables, ,les coll\u00e8gues attentifs fournissant des enfants correspondant aux bonnes indications th\u00e9rapeutiques\u2026<br \/>Mais la m\u00e8re institution ne fournit pas exactement toutes ces choses.<br \/>Il se glisse des hiatus des d\u00e9calages.<br \/>Au final le groupe se constitue de fa\u00e7on \u00e0 peu pr\u00e8s satisfaisante avec toutes ce qui appara\u00eet anxieusement comme des insuffisances.<br \/>Mais ces aussi dans ce d\u00e9calage que les membres du groupe vont pouvoir cr\u00e9er se d\u00e9s-identifiant des mod\u00e8les \u00e9rig\u00e9s.<br \/>Le th\u00e9rapeute ne doit pas trop s\u2019accrocher aux objets de mani\u00e8re f\u00e9tichiste, mais s\u2019appuyer sur les enveloppe et sur son axe de travail interne ( son \u00e9thique)<\/p>\n<p>Alors par exemple le meuble biblioth\u00e8que malencontreusement fix\u00e9 au mur de la salle peu devenir, grace aux enfants, un dortoir de lits superpos\u00e9s, les chaises trop grandes renvers\u00e9es des montagnes<br \/>Chaque \u00e9l\u00e9ment int\u00e9gr\u00e9 dans l\u2019espace contenu du groupe devient une partie du discours du r\u00eave commun.<\/p>\n<p><strong>Troisi\u00e8mement<\/strong><br \/>Que se passe-t-il quand il n\u2019y a pas simplement limitation , voire p\u00e9nurie, mais que l\u2019organisation de la p\u00e9nurie se fait \u00e0 des fins qui visent autre chose que la mission \u00e0 quoi s\u2019engageait les participant du groupe, de l\u2019unit\u00e9 de soin, du collectif.<br \/>Quand la p\u00e9nurie sert d\u2019instrument \u00e0 la r\u00e9orientation radicale de nos id\u00e9aux ? Le groupe se trouve alors min\u00e9 de l\u2019int\u00e9rieur. Il devient l\u2019endroit d\u2019un conflit o\u00f9 il est tr\u00e8s difficile de maintenir une contenace qui soit cr\u00e9ativit\u00e9.<br \/>Cette n\u00e9gation de notre id\u00e9al (non pas son interrogation) rencontrant les angoisse et les d\u00e9sorganisations de ceux que nous pr\u00e9tendons soigner. Nous sommes alors dans l\u2019 incapacit\u00e9.<\/p>\n<p><strong>Eric EMERY<\/strong><\/p>\n<p>&nbsp;<\/p>\n<p>&nbsp;<\/p>\n<p>[\/et_pb_text][\/et_pb_column][et_pb_column type=\u00a0\u00bb1_5&Prime; _builder_version=\u00a0\u00bb4.23&Prime; _module_preset=\u00a0\u00bbdefault\u00a0\u00bb global_colors_info=\u00a0\u00bb{}\u00a0\u00bb][\/et_pb_column][\/et_pb_row][\/et_pb_section]<\/p>\n","protected":false},"excerpt":{"rendered":"<p>Nouvelles de l&rsquo;association Cahiers du CIRPPA Espace membres \u2022 textes Eric EMERY 14\/05\/2009Institution contenance cr\u00e9ativit\u00e9 Je travaille dans le CMP et un h\u00f4pital de jour d\u2019un inter secteur de p\u00e9dopsychiatrie publique. Je parle donc de groupes\u00a0th\u00e9rapeutiques dans une des unit\u00e9s de soin d\u2019un ensemble. Il est donc contenu dans et par l\u2019organisation concentrique des diff\u00e9rents [&hellip;]<\/p>\n","protected":false},"author":2,"featured_media":0,"parent":0,"menu_order":0,"comment_status":"closed","ping_status":"closed","template":"","meta":{"_et_pb_use_builder":"on","_et_pb_old_content":"","_et_gb_content_width":"","footnotes":""},"class_list":["post-744","page","type-page","status-publish","hentry"],"_links":{"self":[{"href":"https:\/\/cirppa.org\/index.php\/wp-json\/wp\/v2\/pages\/744","targetHints":{"allow":["GET"]}}],"collection":[{"href":"https:\/\/cirppa.org\/index.php\/wp-json\/wp\/v2\/pages"}],"about":[{"href":"https:\/\/cirppa.org\/index.php\/wp-json\/wp\/v2\/types\/page"}],"author":[{"embeddable":true,"href":"https:\/\/cirppa.org\/index.php\/wp-json\/wp\/v2\/users\/2"}],"replies":[{"embeddable":true,"href":"https:\/\/cirppa.org\/index.php\/wp-json\/wp\/v2\/comments?post=744"}],"version-history":[{"count":3,"href":"https:\/\/cirppa.org\/index.php\/wp-json\/wp\/v2\/pages\/744\/revisions"}],"predecessor-version":[{"id":747,"href":"https:\/\/cirppa.org\/index.php\/wp-json\/wp\/v2\/pages\/744\/revisions\/747"}],"wp:attachment":[{"href":"https:\/\/cirppa.org\/index.php\/wp-json\/wp\/v2\/media?parent=744"}],"curies":[{"name":"wp","href":"https:\/\/api.w.org\/{rel}","templated":true}]}}